{"id":3051,"date":"2019-10-21T07:35:49","date_gmt":"2019-10-21T07:35:49","guid":{"rendered":"https:\/\/elessi.nasatheme.com\/?page_id=3051"},"modified":"2020-08-02T22:19:28","modified_gmt":"2020-08-02T19:19:28","slug":"hakkimizda","status":"publish","type":"page","link":"http:\/\/emreerdemoglu.com\/index.php\/hakkimizda\/","title":{"rendered":"Hakkimizda"},"content":{"rendered":"<p>[vc_row el_class=&#8221;margin-top-80 mobile-margin-top-50&#8243;][vc_column width=&#8221;1\/2&#8243;][nasa_title title_text=&#8221;Emre Erdemo\u011flu \/ Profil&#8221; title_bg=&#8221;#ffffff&#8221;][vc_column_text]Emre Erdemo\u011flu, Dokuz Eyl\u00fcl \u00dcniversitesi G\u00fczel Sanatlar Fak\u00fcltesi Moda Tasar\u0131m\u0131 B\u00f6l\u00fcm\u00fc\u2019nden mezun oldu. Ayn\u0131 y\u0131l \u201cEmre Erdemo\u011flu\u201d markas\u0131n\u0131 kurdu. 2010 y\u0131l\u0131nda \u0130talya\u2019da 5. defilesini ger\u00e7ekle\u015ftiren Emre Erdemo\u011flu son koleksiyonuyla \u201cMOST CREATIVE COLLECTION\u201d \u00f6d\u00fcl\u00fcne lay\u0131k g\u00f6r\u00fcld\u00fc.<\/p>\n<p>2014 Sonbahar\/K\u0131\u015f \u201cClark Gable\u201d koleksiyonu ile etkili bir \u00e7\u0131k\u0131\u015f yapan ba\u015far\u0131l\u0131 tasar\u0131mc\u0131 Vogue \u0130talya\u2019n\u0131n dikkatini \u00e7ekerek, Turkish Leather Brand ile ortak bir projede bulu\u015ftu. Vogue \u0130talya i\u00e7in \u00f6zel bir moda \u00e7ekimi ger\u00e7ekle\u015ftiren Erdemo\u011flu, 2014 Ocak ay\u0131nda \u0130talya\u2019n\u0131n Floransa \u015fehrinde \u00f6zel bir davetle koleksiyon lansman\u0131n\u0131 ger\u00e7ekle\u015ftirdi.<\/p>\n<p>2015-2017 Y\u0131llar\u0131 aras\u0131nda haz\u0131rlad\u0131\u011f\u0131 koleksiyonlar\u0131n\u0131 Berlin Fashion Week de sunarak moda kariyerinde \u00fcst\u00fcn bir \u00e7\u0131k\u0131\u015f yakalayan tasar\u0131mc\u0131 ayn\u0131 y\u0131l \u0130talya-Med Moda organizasyonunda \u2018Y\u0131l\u0131n Tasar\u0131mc\u0131s\u0131\u2019 \u00f6d\u00fcl\u00fcne lay\u0131k g\u00f6r\u00fcld\u00fc. Son koleksiyonu &#8221;Onu Alma Beni Al&#8221; ile \u0130stanbul Fashion Week &#8216;de 10. y\u0131l\u0131n\u0131 kutlayan tasar\u0131mc\u0131 Ekim ay\u0131nda \u0130stanbul Fashion Week&#8217;de yeni koleksiyonu &#8221;Beni Ba\u011fr\u0131na Bas&#8221;\u0131 sunmaya haz\u0131rlan\u0131yor.[\/vc_column_text][nasa_banner img_src=&#8221;3743&#8243;][\/nasa_banner][\/vc_column][vc_column width=&#8221;1\/2&#8243; el_class=&#8221;mobile-margin-top-50&#8243;][nasa_banner banner_responsive=&#8221;no&#8221; img_src=&#8221;3749&#8243;][\/nasa_banner][\/vc_column][\/vc_row][vc_row][vc_column][nasa_banner img_src=&#8221;3754&#8243;][\/nasa_banner][\/vc_column][\/vc_row]<\/p>\n","protected":false},"excerpt":{"rendered":"<p>[vc_row el_class=&#8221;margin-top-80 mobile-margin-top-50&#8243;][vc_column width=&#8221;1\/2&#8243;][nasa_title title_text=&#8221;Emre Erdemo\u011flu \/ Profil&#8221; title_bg=&#8221;#ffffff&#8221;][vc_column_text]Emre Erdemo\u011flu, Dokuz Eyl\u00fcl \u00dcniversitesi G\u00fczel Sanatlar Fak\u00fcltesi Moda Tasar\u0131m\u0131 B\u00f6l\u00fcm\u00fc\u2019nden mezun<\/p>\n","protected":false},"author":1,"featured_media":0,"parent":0,"menu_order":0,"comment_status":"closed","ping_status":"closed","template":"page-visual-composer.php","meta":[],"_links":{"self":[{"href":"http:\/\/emreerdemoglu.com\/index.php\/wp-json\/wp\/v2\/pages\/3051"}],"collection":[{"href":"http:\/\/emreerdemoglu.com\/index.php\/wp-json\/wp\/v2\/pages"}],"about":[{"href":"http:\/\/emreerdemoglu.com\/index.php\/wp-json\/wp\/v2\/types\/page"}],"author":[{"embeddable":true,"href":"http:\/\/emreerdemoglu.com\/index.php\/wp-json\/wp\/v2\/users\/1"}],"replies":[{"embeddable":true,"href":"http:\/\/emreerdemoglu.com\/index.php\/wp-json\/wp\/v2\/comments?post=3051"}],"version-history":[{"count":12,"href":"http:\/\/emreerdemoglu.com\/index.php\/wp-json\/wp\/v2\/pages\/3051\/revisions"}],"predecessor-version":[{"id":3756,"href":"http:\/\/emreerdemoglu.com\/index.php\/wp-json\/wp\/v2\/pages\/3051\/revisions\/3756"}],"wp:attachment":[{"href":"http:\/\/emreerdemoglu.com\/index.php\/wp-json\/wp\/v2\/media?parent=3051"}],"curies":[{"name":"wp","href":"https:\/\/api.w.org\/{rel}","templated":true}]}}